{"id":4785,"date":"2023-05-22T09:19:26","date_gmt":"2023-05-22T07:19:26","guid":{"rendered":"https:\/\/www.bahiamediterraneo.com\/?page_id=4785"},"modified":"2025-02-27T10:03:04","modified_gmt":"2025-02-27T09:03:04","slug":"history-top-restaurant-art-deco-eventlocation-palma-de-mallorca","status":"publish","type":"page","link":"https:\/\/www.bahiamediterraneo.com\/de\/history-top-restaurant-art-deco-eventlocation-palma-de-mallorca\/","title":{"rendered":"\u00dcber uns"},"content":{"rendered":"<p><div class=\"fusion-fullwidth fullwidth-box fusion-builder-row-1 fusion-flex-container has-pattern-background has-mask-background hundred-percent-fullwidth non-hundred-percent-height-scrolling fusion-no-small-visibility fusion-no-medium-visibility\" style=\"--awb-background-position:left top;--awb-border-sizes-top:0px;--awb-border-sizes-bottom:0px;--awb-border-sizes-left:0px;--awb-border-sizes-right:0px;--awb-border-radius-top-left:0px;--awb-border-radius-top-right:0px;--awb-border-radius-bottom-right:0px;--awb-border-radius-bottom-left:0px;--awb-padding-top:0px;--awb-padding-right:0px;--awb-padding-bottom:0px;--awb-padding-left:0px;--awb-margin-top:0px;--awb-margin-bottom:50px;--awb-background-color:var(--awb-color1);--awb-flex-wrap:wrap;\" ><div class=\"fusion-builder-row fusion-row fusion-flex-align-items-stretch fusion-flex-content-wrap\" style=\"width:calc( 100% + 0px ) !important;max-width:calc( 100% + 0px ) !important;margin-left: calc(-0px \/ 2 );margin-right: calc(-0px \/ 2 );\"><div class=\"fusion-layout-column fusion_builder_column fusion-builder-column-0 fusion_builder_column_3_5 3_5 fusion-flex-column\" style=\"--awb-padding-right:10px;--awb-padding-left:50px;--awb-bg-color:var(--awb-color1);--awb-bg-color-hover:var(--awb-color1);--awb-bg-size:cover;--awb-width-large:60%;--awb-margin-top-large:0px;--awb-spacing-right-large:0px;--awb-margin-bottom-large:0px;--awb-spacing-left-large:0px;--awb-width-medium:60%;--awb-order-medium:1;--awb-spacing-right-medium:0px;--awb-spacing-left-medium:0px;--awb-width-small:100%;--awb-order-small:0;--awb-spacing-right-small:0px;--awb-spacing-left-small:0px;\" data-scroll-devices=\"small-visibility,medium-visibility,large-visibility\"><div class=\"fusion-column-wrapper fusion-column-has-shadow fusion-flex-justify-content-center fusion-content-layout-column\"><div class=\"fusion-image-carousel fusion-image-carousel-auto fusion-image-carousel-1\"><div class=\"awb-carousel awb-swiper awb-swiper-carousel awb-carousel--carousel awb-swiper-dots-position-bottom\" data-layout=\"carousel\" data-autoplay=\"yes\" data-autoplayspeed=\"2500\" data-autoplaypause=\"no\" data-columns=\"1\" data-columnsmedium=\"1\" data-columnssmall=\"1\" data-itemmargin=\"13\" data-itemwidth=\"180\" data-touchscroll=\"no\" data-freemode=\"no\" data-imagesize=\"auto\" data-scrollitems=\"0\" data-centeredslides=\"no\" data-rotationangle=\"50\" data-depth=\"100\" data-speed=\"500\" data-shadow=\"no\" data-pagination=\"bullets\" style=\"--awb-columns:1;--awb-caption-title-font-family:&quot;Playfair Display&quot;;--awb-caption-title-font-style:normal;--awb-caption-title-font-weight:400;--awb-caption-text-font-family:&quot;Playfair Display&quot;;--awb-caption-text-font-style:normal;--awb-caption-text-font-weight:400;\"><div class=\"swiper-wrapper awb-image-carousel-wrapper fusion-flex-align-items-center\"><div class=\"swiper-slide\"><div class=\"fusion-carousel-item-wrapper\"><div class=\"fusion-image-wrapper hover-type-none\"><img decoding=\"async\" width=\"1200\" height=\"866\" src=\"https:\/\/www.bahiamediterraneo.com\/wp-content\/uploads\/2023\/05\/Bahia-mediterraneo-first-class-restaurant-harbour-seaview-palma-mallorca.jpg\" class=\"attachment-full size-full\" alt=\"\" srcset=\"https:\/\/www.bahiamediterraneo.com\/wp-content\/uploads\/2023\/05\/Bahia-mediterraneo-first-class-restaurant-harbour-seaview-palma-mallorca-200x144.jpg 200w, https:\/\/www.bahiamediterraneo.com\/wp-content\/uploads\/2023\/05\/Bahia-mediterraneo-first-class-restaurant-harbour-seaview-palma-mallorca-300x217.jpg 300w, https:\/\/www.bahiamediterraneo.com\/wp-content\/uploads\/2023\/05\/Bahia-mediterraneo-first-class-restaurant-harbour-seaview-palma-mallorca-400x289.jpg 400w, https:\/\/www.bahiamediterraneo.com\/wp-content\/uploads\/2023\/05\/Bahia-mediterraneo-first-class-restaurant-harbour-seaview-palma-mallorca-600x433.jpg 600w, https:\/\/www.bahiamediterraneo.com\/wp-content\/uploads\/2023\/05\/Bahia-mediterraneo-first-class-restaurant-harbour-seaview-palma-mallorca-768x554.jpg 768w, https:\/\/www.bahiamediterraneo.com\/wp-content\/uploads\/2023\/05\/Bahia-mediterraneo-first-class-restaurant-harbour-seaview-palma-mallorca-800x577.jpg 800w, https:\/\/www.bahiamediterraneo.com\/wp-content\/uploads\/2023\/05\/Bahia-mediterraneo-first-class-restaurant-harbour-seaview-palma-mallorca-1024x739.jpg 1024w, https:\/\/www.bahiamediterraneo.com\/wp-content\/uploads\/2023\/05\/Bahia-mediterraneo-first-class-restaurant-harbour-seaview-palma-mallorca.jpg 1200w\" sizes=\"(max-width: 1200px) 100vw, 1200px\" \/><\/div><\/div><\/div><div class=\"swiper-slide\"><div class=\"fusion-carousel-item-wrapper\"><div class=\"fusion-image-wrapper hover-type-none\"><img decoding=\"async\" width=\"1200\" height=\"866\" src=\"https:\/\/www.bahiamediterraneo.com\/wp-content\/uploads\/2023\/05\/Bahia-mediterraneo-Palma-first-class-restaurant-fine-dining.jpg\" class=\"attachment-full size-full\" alt=\"\" srcset=\"https:\/\/www.bahiamediterraneo.com\/wp-content\/uploads\/2023\/05\/Bahia-mediterraneo-Palma-first-class-restaurant-fine-dining-200x144.jpg 200w, https:\/\/www.bahiamediterraneo.com\/wp-content\/uploads\/2023\/05\/Bahia-mediterraneo-Palma-first-class-restaurant-fine-dining-300x217.jpg 300w, https:\/\/www.bahiamediterraneo.com\/wp-content\/uploads\/2023\/05\/Bahia-mediterraneo-Palma-first-class-restaurant-fine-dining-400x289.jpg 400w, https:\/\/www.bahiamediterraneo.com\/wp-content\/uploads\/2023\/05\/Bahia-mediterraneo-Palma-first-class-restaurant-fine-dining-600x433.jpg 600w, https:\/\/www.bahiamediterraneo.com\/wp-content\/uploads\/2023\/05\/Bahia-mediterraneo-Palma-first-class-restaurant-fine-dining-768x554.jpg 768w, https:\/\/www.bahiamediterraneo.com\/wp-content\/uploads\/2023\/05\/Bahia-mediterraneo-Palma-first-class-restaurant-fine-dining-800x577.jpg 800w, https:\/\/www.bahiamediterraneo.com\/wp-content\/uploads\/2023\/05\/Bahia-mediterraneo-Palma-first-class-restaurant-fine-dining-1024x739.jpg 1024w, https:\/\/www.bahiamediterraneo.com\/wp-content\/uploads\/2023\/05\/Bahia-mediterraneo-Palma-first-class-restaurant-fine-dining.jpg 1200w\" sizes=\"(max-width: 1200px) 100vw, 1200px\" \/><\/div><\/div><\/div><\/div><div class=\"awb-swiper-button awb-swiper-button-prev\"><i class=\"awb-icon-angle-left\" aria-hidden=\"true\"><\/i><\/div><div class=\"awb-swiper-button awb-swiper-button-next\"><i class=\"awb-icon-angle-right\" aria-hidden=\"true\"><\/i><\/div><\/div><\/div><\/div><\/div><div class=\"fusion-layout-column fusion_builder_column fusion-builder-column-1 fusion_builder_column_2_5 2_5 fusion-flex-column\" style=\"--awb-padding-top:10%;--awb-padding-right:10%;--awb-padding-bottom:10%;--awb-padding-left:10%;--awb-padding-top-medium:2%;--awb-padding-right-medium:2%;--awb-padding-bottom-medium:2%;--awb-padding-left-medium:2%;--awb-bg-color:var(--awb-color1);--awb-bg-color-hover:var(--awb-color1);--awb-bg-size:cover;--awb-width-large:40%;--awb-margin-top-large:0px;--awb-spacing-right-large:0px;--awb-margin-bottom-large:0px;--awb-spacing-left-large:0px;--awb-width-medium:40%;--awb-order-medium:2;--awb-spacing-right-medium:0px;--awb-spacing-left-medium:0px;--awb-width-small:100%;--awb-order-small:0;--awb-spacing-right-small:0px;--awb-spacing-left-small:0px;\" data-scroll-devices=\"small-visibility,medium-visibility,large-visibility\"><div class=\"fusion-column-wrapper fusion-column-has-shadow fusion-flex-justify-content-center fusion-content-layout-column\"><div class=\"fusion-text fusion-text-1\" style=\"--awb-font-size:36px;--awb-text-color:var(--awb-color6);--awb-text-font-family:&quot;Playfair Display&quot;;--awb-text-font-style:normal;--awb-text-font-weight:500;\"><p style=\"text-align: center !important;\">Unsere Geschichte<\/p>\n<\/div><div class=\"fusion-text fusion-text-2\" style=\"--awb-font-size:16px;--awb-line-height:30px;--awb-text-color:var(--awb-color6);--awb-margin-right:2%;--awb-margin-left:2%;--awb-text-font-family:&quot;Poppins&quot;;--awb-text-font-style:normal;--awb-text-font-weight:200;\"><p style=\"text-align: left !important;\">Das Bah\u00eda Mediterr\u00e1neo ist Teil des historischen Geb\u00e4udes Edificio Mediterr\u00e1neo und entf\u00fchrt den Gast in die 1930er Jahre. Ein Gro\u00dfteil der Inneneinrichtung ist erhalten geblieben, selbst die Kellner tragen eine der Zeit angemessene, stilvolle Uniform.<\/p>\n<\/div><div class=\"fusion-text fusion-text-3\" style=\"--awb-font-size:16px;--awb-line-height:30px;--awb-text-color:var(--awb-color6);--awb-margin-right:2%;--awb-margin-left:2%;--awb-text-font-family:&quot;Poppins&quot;;--awb-text-font-style:normal;--awb-text-font-weight:200;\"><p style=\"text-align: left !important;\">Dank seiner einzigartigen Architektur ist das Edificio Mediterr\u00e1neo das herausragende Geb\u00e4ude an Palmas Hafen. Hollywoodstars wie Ava Gardner, die legend\u00e4re Krimiautorin Agatha Christie oder der amerikanische Pr\u00e4sident Richard Nixon haben hier schon \u00fcbernachtet: Das ehemalige Gran Hotel Mediterr\u00e1neo ist eines der ber\u00fchmtesten Geb\u00e4ude Palmas.<\/p>\n<\/div><\/div><\/div><div class=\"fusion-layout-column fusion_builder_column fusion-builder-column-2 fusion_builder_column_3_5 3_5 fusion-flex-column\" style=\"--awb-padding-right:10px;--awb-padding-left:50px;--awb-bg-color:var(--awb-color1);--awb-bg-color-hover:var(--awb-color1);--awb-bg-size:cover;--awb-width-large:60%;--awb-margin-top-large:0px;--awb-spacing-right-large:0px;--awb-margin-bottom-large:0px;--awb-spacing-left-large:0px;--awb-width-medium:60%;--awb-order-medium:1;--awb-spacing-right-medium:0px;--awb-spacing-left-medium:0px;--awb-width-small:100%;--awb-order-small:0;--awb-spacing-right-small:0px;--awb-spacing-left-small:0px;\" data-scroll-devices=\"small-visibility,medium-visibility,large-visibility\"><div class=\"fusion-column-wrapper fusion-column-has-shadow fusion-flex-justify-content-center fusion-content-layout-column\"><\/div><\/div><\/div><\/div><div class=\"fusion-fullwidth fullwidth-box fusion-builder-row-2 fusion-flex-container has-pattern-background has-mask-background hundred-percent-fullwidth non-hundred-percent-height-scrolling fusion-no-small-visibility fusion-no-medium-visibility\" style=\"--awb-background-position:left top;--awb-border-sizes-top:0px;--awb-border-sizes-bottom:0px;--awb-border-sizes-left:0px;--awb-border-sizes-right:0px;--awb-border-radius-top-left:0px;--awb-border-radius-top-right:0px;--awb-border-radius-bottom-right:0px;--awb-border-radius-bottom-left:0px;--awb-padding-top:0px;--awb-padding-right:0px;--awb-padding-bottom:0px;--awb-padding-left:0px;--awb-margin-top:0px;--awb-margin-bottom:50px;--awb-background-color:var(--awb-color1);--awb-flex-wrap:wrap;\" ><div class=\"fusion-builder-row fusion-row fusion-flex-align-items-stretch fusion-flex-content-wrap\" style=\"width:calc( 100% + 0px ) !important;max-width:calc( 100% + 0px ) !important;margin-left: calc(-0px \/ 2 );margin-right: calc(-0px \/ 2 );\"><div class=\"fusion-layout-column fusion_builder_column fusion-builder-column-3 fusion_builder_column_2_5 2_5 fusion-flex-column\" style=\"--awb-padding-top:10%;--awb-padding-right:10%;--awb-padding-bottom:10%;--awb-padding-left:10%;--awb-padding-top-medium:2%;--awb-padding-right-medium:2%;--awb-padding-bottom-medium:2%;--awb-padding-left-medium:2%;--awb-bg-color:var(--awb-color1);--awb-bg-color-hover:var(--awb-color1);--awb-bg-size:cover;--awb-width-large:40%;--awb-margin-top-large:0px;--awb-spacing-right-large:0px;--awb-margin-bottom-large:0px;--awb-spacing-left-large:0px;--awb-width-medium:40%;--awb-order-medium:2;--awb-spacing-right-medium:0px;--awb-spacing-left-medium:0px;--awb-width-small:100%;--awb-order-small:0;--awb-spacing-right-small:0px;--awb-spacing-left-small:0px;\" data-scroll-devices=\"small-visibility,medium-visibility,large-visibility\"><div class=\"fusion-column-wrapper fusion-column-has-shadow fusion-flex-justify-content-center fusion-content-layout-column\"><div class=\"fusion-text fusion-text-4\" style=\"--awb-font-size:36px;--awb-text-color:var(--awb-color6);--awb-text-font-family:&quot;Playfair Display&quot;;--awb-text-font-style:normal;--awb-text-font-weight:500;\"><p style=\"text-align: center !important;\">Historische Fakten<\/p>\n<\/div><div class=\"fusion-text fusion-text-5\" style=\"--awb-font-size:16px;--awb-line-height:24px;--awb-text-color:var(--awb-color6);--awb-margin-right:2%;--awb-margin-left:2%;--awb-text-font-family:&quot;Poppins&quot;;--awb-text-font-style:normal;--awb-text-font-weight:200;\"><p style=\"text-align: left !important;\">Im Jahr seiner Er\u00f6ffnung 1910 lag das Hotel direkt am Meer, nur durch wenige Felsen vom Stadtstrand, dem s&#8217;Aigua Dol\u00e7e, getrennt. Sein heutiges Antlitz erhielt das Geb\u00e4ude vom mallorquinischen Architekten Francisco Roca Sim\u00f3, unter dessen Leitung das Gran Hotel Mediterr\u00e1neo 1928 umgebaut wurde. Der Architekt integrierte Art-d\u00e9co-Elemente in die Architektur des Grand Hotel Mediterr\u00e1neo.<\/p>\n<\/div><div class=\"fusion-text fusion-text-6\" style=\"--awb-font-size:16px;--awb-line-height:24px;--awb-text-color:var(--awb-color6);--awb-margin-right:2%;--awb-margin-left:2%;--awb-text-font-family:&quot;Poppins&quot;;--awb-text-font-style:normal;--awb-text-font-weight:200;\"><p style=\"text-align: left !important;\">Mit dem Restaurant Mediterr\u00e1neo 1930 und dem benachbarten Tito&#8217;s war es das Zentrum des Nachtlebens der Mittelmeermetropole. Seit 2017 geh\u00f6rt das Bah\u00eda Mediterr\u00e1neo zum Portfolio der Zhero-Gruppe unter der Leitung des Innenarchitekten und Hoteliers Jens Liebhauser.<\/p>\n<\/div><\/div><\/div><div class=\"fusion-layout-column fusion_builder_column fusion-builder-column-4 fusion_builder_column_3_5 3_5 fusion-flex-column\" style=\"--awb-padding-top:10%;--awb-padding-right:10%;--awb-padding-bottom:10%;--awb-padding-left:10%;--awb-padding-top-medium:2%;--awb-padding-right-medium:2%;--awb-padding-bottom-medium:2%;--awb-padding-left-medium:2%;--awb-bg-color:var(--awb-color1);--awb-bg-color-hover:var(--awb-color1);--awb-bg-size:cover;--awb-width-large:60%;--awb-margin-top-large:0px;--awb-spacing-right-large:0px;--awb-margin-bottom-large:0px;--awb-spacing-left-large:0px;--awb-width-medium:40%;--awb-order-medium:2;--awb-spacing-right-medium:0px;--awb-spacing-left-medium:0px;--awb-width-small:100%;--awb-order-small:0;--awb-spacing-right-small:0px;--awb-spacing-left-small:0px;\" data-scroll-devices=\"small-visibility,medium-visibility,large-visibility\"><div class=\"fusion-column-wrapper fusion-column-has-shadow fusion-flex-justify-content-center fusion-content-layout-column\"><div class=\"fusion-image-carousel fusion-image-carousel-auto fusion-image-carousel-2\"><div class=\"awb-carousel awb-swiper awb-swiper-carousel awb-carousel--carousel awb-swiper-dots-position-bottom\" data-layout=\"carousel\" data-autoplay=\"yes\" data-autoplayspeed=\"2500\" data-autoplaypause=\"no\" data-columns=\"1\" data-columnsmedium=\"1\" data-columnssmall=\"1\" data-itemmargin=\"13\" data-itemwidth=\"180\" data-touchscroll=\"no\" data-freemode=\"no\" data-imagesize=\"auto\" data-scrollitems=\"0\" data-centeredslides=\"no\" data-rotationangle=\"50\" data-depth=\"100\" data-speed=\"500\" data-shadow=\"no\" data-pagination=\"bullets\" style=\"--awb-columns:1;--awb-caption-title-font-family:&quot;Playfair Display&quot;;--awb-caption-title-font-style:normal;--awb-caption-title-font-weight:400;--awb-caption-text-font-family:&quot;Playfair Display&quot;;--awb-caption-text-font-style:normal;--awb-caption-text-font-weight:400;\"><div class=\"swiper-wrapper awb-image-carousel-wrapper fusion-flex-align-items-center\"><div class=\"swiper-slide\"><div class=\"fusion-carousel-item-wrapper\"><div class=\"fusion-image-wrapper hover-type-none\"><img decoding=\"async\" width=\"754\" height=\"544\" src=\"https:\/\/www.bahiamediterraneo.com\/wp-content\/uploads\/2023\/05\/Gran-Hotel-Mediterraneo-Palma-de-Mallorca-greeting-card.jpg\" class=\"attachment-full size-full\" alt=\"\" srcset=\"https:\/\/www.bahiamediterraneo.com\/wp-content\/uploads\/2023\/05\/Gran-Hotel-Mediterraneo-Palma-de-Mallorca-greeting-card-200x144.jpg 200w, https:\/\/www.bahiamediterraneo.com\/wp-content\/uploads\/2023\/05\/Gran-Hotel-Mediterraneo-Palma-de-Mallorca-greeting-card-300x216.jpg 300w, https:\/\/www.bahiamediterraneo.com\/wp-content\/uploads\/2023\/05\/Gran-Hotel-Mediterraneo-Palma-de-Mallorca-greeting-card-400x289.jpg 400w, https:\/\/www.bahiamediterraneo.com\/wp-content\/uploads\/2023\/05\/Gran-Hotel-Mediterraneo-Palma-de-Mallorca-greeting-card-600x433.jpg 600w, https:\/\/www.bahiamediterraneo.com\/wp-content\/uploads\/2023\/05\/Gran-Hotel-Mediterraneo-Palma-de-Mallorca-greeting-card.jpg 754w\" sizes=\"(max-width: 754px) 100vw, 754px\" \/><\/div><\/div><\/div><div class=\"swiper-slide\"><div class=\"fusion-carousel-item-wrapper\"><div class=\"fusion-image-wrapper hover-type-none\"><img decoding=\"async\" width=\"754\" height=\"544\" src=\"https:\/\/www.bahiamediterraneo.com\/wp-content\/uploads\/2023\/05\/Grand-Hotel-Mediterraneo-Palma-de-Mallorca-1930s.jpg\" class=\"attachment-full size-full\" alt=\"\" srcset=\"https:\/\/www.bahiamediterraneo.com\/wp-content\/uploads\/2023\/05\/Grand-Hotel-Mediterraneo-Palma-de-Mallorca-1930s-200x144.jpg 200w, https:\/\/www.bahiamediterraneo.com\/wp-content\/uploads\/2023\/05\/Grand-Hotel-Mediterraneo-Palma-de-Mallorca-1930s-300x216.jpg 300w, https:\/\/www.bahiamediterraneo.com\/wp-content\/uploads\/2023\/05\/Grand-Hotel-Mediterraneo-Palma-de-Mallorca-1930s-400x289.jpg 400w, https:\/\/www.bahiamediterraneo.com\/wp-content\/uploads\/2023\/05\/Grand-Hotel-Mediterraneo-Palma-de-Mallorca-1930s-600x433.jpg 600w, https:\/\/www.bahiamediterraneo.com\/wp-content\/uploads\/2023\/05\/Grand-Hotel-Mediterraneo-Palma-de-Mallorca-1930s.jpg 754w\" sizes=\"(max-width: 754px) 100vw, 754px\" \/><\/div><\/div><\/div><\/div><div class=\"awb-swiper-button awb-swiper-button-prev\"><i class=\"awb-icon-angle-left\" aria-hidden=\"true\"><\/i><\/div><div class=\"awb-swiper-button awb-swiper-button-next\"><i class=\"awb-icon-angle-right\" aria-hidden=\"true\"><\/i><\/div><\/div><\/div><\/div><\/div><\/div><\/div><div class=\"fusion-fullwidth fullwidth-box fusion-builder-row-3 fusion-flex-container has-pattern-background has-mask-background hundred-percent-fullwidth non-hundred-percent-height-scrolling fusion-no-small-visibility fusion-no-medium-visibility\" style=\"--awb-background-position:left top;--awb-border-sizes-top:0px;--awb-border-sizes-bottom:0px;--awb-border-sizes-left:0px;--awb-border-sizes-right:0px;--awb-border-radius-top-left:0px;--awb-border-radius-top-right:0px;--awb-border-radius-bottom-right:0px;--awb-border-radius-bottom-left:0px;--awb-padding-top:0px;--awb-padding-right:0px;--awb-padding-bottom:0px;--awb-padding-left:0px;--awb-margin-top:0px;--awb-margin-bottom:50px;--awb-background-color:var(--awb-color1);--awb-flex-wrap:wrap;\" ><div class=\"fusion-builder-row fusion-row fusion-flex-align-items-stretch fusion-flex-content-wrap\" style=\"width:calc( 100% + 0px ) !important;max-width:calc( 100% + 0px ) !important;margin-left: calc(-0px \/ 2 );margin-right: calc(-0px \/ 2 );\"><div class=\"fusion-layout-column fusion_builder_column fusion-builder-column-5 fusion_builder_column_1_2 1_2 fusion-flex-column\" style=\"--awb-padding-right:30px;--awb-padding-left:50px;--awb-bg-color:var(--awb-color1);--awb-bg-color-hover:var(--awb-color1);--awb-bg-size:cover;--awb-width-large:50%;--awb-margin-top-large:0px;--awb-spacing-right-large:0px;--awb-margin-bottom-large:0px;--awb-spacing-left-large:0px;--awb-width-medium:60%;--awb-order-medium:1;--awb-spacing-right-medium:0px;--awb-spacing-left-medium:0px;--awb-width-small:100%;--awb-order-small:0;--awb-spacing-right-small:0px;--awb-spacing-left-small:0px;\" data-scroll-devices=\"small-visibility,medium-visibility,large-visibility\"><div class=\"fusion-column-wrapper fusion-column-has-shadow fusion-flex-justify-content-center fusion-content-layout-column\"><div class=\"fusion-text fusion-text-7\" style=\"--awb-font-size:36px;--awb-text-color:var(--awb-color6);--awb-text-font-family:&quot;Playfair Display&quot;;--awb-text-font-style:normal;--awb-text-font-weight:500;\"><p style=\"text-align: center !important;\">K\u00fcchenchef Raphael<\/p>\n<\/div><div class=\"fusion-text fusion-text-8\" style=\"--awb-font-size:16px;--awb-line-height:30px;--awb-text-color:var(--awb-color6);--awb-margin-right:2%;--awb-margin-left:2%;--awb-text-font-family:&quot;Poppins&quot;;--awb-text-font-style:normal;--awb-text-font-weight:200;\"><p style=\"text-align: left !important;\">Der talentierte Raphael Herzog startete seine Karriere in der Welt der Sternegastronomie in Salzburg, Wien und M\u00fcnchen. Unter der Obhut von Sternekoch Klaus Brunmayr, kulinarischer Gesamtleiter der Zhero Group, wurde sein Talent f\u00fcr eine Spitzenposition geformt. In den mallorquinischen und \u00f6sterreichischen Restaurants von Jens Liebhauser arbeitete Raphael Herzog als Sous Chef. Seit drei Jahren ist Herzog das Herzst\u00fcck der Restaurants.<\/p>\n<\/div><div style=\"text-align:center;\"><a class=\"fusion-button button-flat button-large button-custom fusion-button-default button-1 fusion-button-default-span fusion-button-default-type fusion-has-button-gradient\" style=\"--button_accent_color:var(--awb-color1);--button_border_color:var(--awb-custom18);--button_accent_hover_color:var(--awb-color6);--button_border_hover_color:var(--awb-custom15);--button_border_width-top:1px;--button_border_width-right:1px;--button_border_width-bottom:1px;--button_border_width-left:1px;--button_gradient_top_color:var(--awb-custom16);--button_gradient_bottom_color:var(--awb-custom16);--button_gradient_top_color_hover:var(--awb-custom12);--button_gradient_bottom_color_hover:var(--awb-custom13);--button_typography-font-family:&quot;Playfair Display&quot;;--button_typography-font-style:normal;--button_typography-font-weight:400;\" target=\"_blank\" rel=\"noopener noreferrer\" href=\"https:\/\/widget.thefork.com\/de\/40b02c78-64ba-41c1-a200-1b43f6b5d069\"><span class=\"fusion-button-text awb-button__text awb-button__text--default\">Find a table<\/span><\/a><\/div>\n<\/div><\/div><div class=\"fusion-layout-column fusion_builder_column fusion-builder-column-6 fusion_builder_column_1_2 1_2 fusion-flex-column\" style=\"--awb-padding-top:10%;--awb-padding-right:10%;--awb-padding-bottom:10%;--awb-padding-left:10%;--awb-padding-top-medium:2%;--awb-padding-right-medium:2%;--awb-padding-bottom-medium:2%;--awb-padding-left-medium:2%;--awb-bg-color:var(--awb-color1);--awb-bg-color-hover:var(--awb-color1);--awb-bg-size:cover;--awb-width-large:50%;--awb-margin-top-large:0px;--awb-spacing-right-large:0px;--awb-margin-bottom-large:0px;--awb-spacing-left-large:0px;--awb-width-medium:40%;--awb-order-medium:2;--awb-spacing-right-medium:0px;--awb-spacing-left-medium:0px;--awb-width-small:100%;--awb-order-small:0;--awb-spacing-right-small:0px;--awb-spacing-left-small:0px;\" data-scroll-devices=\"small-visibility,medium-visibility,large-visibility\"><div class=\"fusion-column-wrapper fusion-column-has-shadow fusion-flex-justify-content-center fusion-content-layout-column\"><div class=\"fusion-image-element \" style=\"--awb-caption-title-font-family:var(--h2_typography-font-family);--awb-caption-title-font-weight:var(--h2_typography-font-weight);--awb-caption-title-font-style:var(--h2_typography-font-style);--awb-caption-title-size:var(--h2_typography-font-size);--awb-caption-title-transform:var(--h2_typography-text-transform);--awb-caption-title-line-height:var(--h2_typography-line-height);--awb-caption-title-letter-spacing:var(--h2_typography-letter-spacing);\"><span class=\" fusion-imageframe imageframe-none imageframe-1 hover-type-none\"><img decoding=\"async\" width=\"1200\" height=\"1322\" title=\"bahia-mediterraneo-raphael-herzog-chef-de-cuisine\" src=\"https:\/\/www.bahiamediterraneo.com\/wp-content\/uploads\/2022\/05\/bahia-mediterraneo-raphael-herzog-chef-de-cuisine.jpg\" alt class=\"img-responsive wp-image-4249\" srcset=\"https:\/\/www.bahiamediterraneo.com\/wp-content\/uploads\/2022\/05\/bahia-mediterraneo-raphael-herzog-chef-de-cuisine-200x220.jpg 200w, https:\/\/www.bahiamediterraneo.com\/wp-content\/uploads\/2022\/05\/bahia-mediterraneo-raphael-herzog-chef-de-cuisine-400x441.jpg 400w, https:\/\/www.bahiamediterraneo.com\/wp-content\/uploads\/2022\/05\/bahia-mediterraneo-raphael-herzog-chef-de-cuisine-600x661.jpg 600w, https:\/\/www.bahiamediterraneo.com\/wp-content\/uploads\/2022\/05\/bahia-mediterraneo-raphael-herzog-chef-de-cuisine-800x881.jpg 800w, https:\/\/www.bahiamediterraneo.com\/wp-content\/uploads\/2022\/05\/bahia-mediterraneo-raphael-herzog-chef-de-cuisine.jpg 1200w\" sizes=\"(max-width: 1170px) 100vw, (max-width: 800px) 100vw, 600px\" \/><\/span><\/div><\/div><\/div><\/div><\/div><div class=\"fusion-fullwidth fullwidth-box fusion-builder-row-4 fusion-flex-container has-pattern-background has-mask-background hundred-percent-fullwidth non-hundred-percent-height-scrolling fusion-no-large-visibility\" style=\"--awb-background-position:left top;--awb-border-sizes-top:0px;--awb-border-sizes-bottom:0px;--awb-border-sizes-left:0px;--awb-border-sizes-right:0px;--awb-border-radius-top-left:0px;--awb-border-radius-top-right:0px;--awb-border-radius-bottom-right:0px;--awb-border-radius-bottom-left:0px;--awb-padding-top:0px;--awb-padding-right:0px;--awb-padding-bottom:0px;--awb-padding-left:0px;--awb-margin-top:0px;--awb-margin-bottom:50px;--awb-background-color:var(--awb-color1);--awb-flex-wrap:wrap;\" ><div class=\"fusion-builder-row fusion-row fusion-flex-align-items-stretch fusion-flex-justify-content-center fusion-flex-content-wrap\" style=\"width:calc( 100% + 0px ) !important;max-width:calc( 100% + 0px ) !important;margin-left: calc(-0px \/ 2 );margin-right: calc(-0px \/ 2 );\"><div class=\"fusion-layout-column fusion_builder_column fusion-builder-column-7 fusion_builder_column_1_1 1_1 fusion-flex-column\" style=\"--awb-padding-top:10%;--awb-padding-right:10%;--awb-padding-bottom:10%;--awb-padding-left:10%;--awb-padding-top-medium:2%;--awb-padding-right-medium:2%;--awb-padding-bottom-medium:2%;--awb-padding-left-medium:2%;--awb-bg-color:var(--awb-color1);--awb-bg-color-hover:var(--awb-color1);--awb-bg-size:cover;--awb-width-large:100%;--awb-margin-top-large:0px;--awb-spacing-right-large:0px;--awb-margin-bottom-large:0px;--awb-spacing-left-large:0px;--awb-width-medium:83.3333333333%;--awb-order-medium:2;--awb-spacing-right-medium:0px;--awb-spacing-left-medium:0px;--awb-width-small:100%;--awb-order-small:0;--awb-spacing-right-small:0px;--awb-spacing-left-small:0px;\" data-scroll-devices=\"small-visibility,medium-visibility,large-visibility\"><div class=\"fusion-column-wrapper fusion-column-has-shadow fusion-flex-justify-content-center fusion-content-layout-column\"><div class=\"fusion-text fusion-text-9\" style=\"--awb-font-size:36px;--awb-text-color:var(--awb-color6);--awb-text-font-family:&quot;Playfair Display&quot;;--awb-text-font-style:normal;--awb-text-font-weight:500;\"><p style=\"text-align: center !important; font-size: 24px !important; text-transform: normal !important;\">Unsere Geschichte<\/p>\n<\/div><div class=\"fusion-image-carousel fusion-image-carousel-auto fusion-image-carousel-3\"><div class=\"awb-carousel awb-swiper awb-swiper-carousel awb-carousel--carousel awb-swiper-dots-position-bottom\" data-layout=\"carousel\" data-autoplay=\"yes\" data-autoplayspeed=\"2500\" data-autoplaypause=\"no\" data-columns=\"1\" data-columnsmedium=\"1\" data-columnssmall=\"1\" data-itemmargin=\"13\" data-itemwidth=\"180\" data-touchscroll=\"no\" data-freemode=\"no\" data-imagesize=\"auto\" data-scrollitems=\"0\" data-centeredslides=\"no\" data-rotationangle=\"50\" data-depth=\"100\" data-speed=\"500\" data-shadow=\"no\" data-pagination=\"bullets\" style=\"--awb-columns:1;--awb-caption-title-font-family:&quot;Playfair Display&quot;;--awb-caption-title-font-style:normal;--awb-caption-title-font-weight:400;--awb-caption-text-font-family:&quot;Playfair Display&quot;;--awb-caption-text-font-style:normal;--awb-caption-text-font-weight:400;\"><div class=\"swiper-wrapper awb-image-carousel-wrapper fusion-flex-align-items-center\"><div class=\"swiper-slide\"><div class=\"fusion-carousel-item-wrapper\"><div class=\"fusion-image-wrapper hover-type-none\"><img decoding=\"async\" width=\"1200\" height=\"866\" src=\"https:\/\/www.bahiamediterraneo.com\/wp-content\/uploads\/2023\/05\/Bahia-mediterraneo-first-class-restaurant-harbour-seaview-palma-mallorca.jpg\" class=\"attachment-full size-full\" alt=\"\" srcset=\"https:\/\/www.bahiamediterraneo.com\/wp-content\/uploads\/2023\/05\/Bahia-mediterraneo-first-class-restaurant-harbour-seaview-palma-mallorca-200x144.jpg 200w, https:\/\/www.bahiamediterraneo.com\/wp-content\/uploads\/2023\/05\/Bahia-mediterraneo-first-class-restaurant-harbour-seaview-palma-mallorca-300x217.jpg 300w, https:\/\/www.bahiamediterraneo.com\/wp-content\/uploads\/2023\/05\/Bahia-mediterraneo-first-class-restaurant-harbour-seaview-palma-mallorca-400x289.jpg 400w, https:\/\/www.bahiamediterraneo.com\/wp-content\/uploads\/2023\/05\/Bahia-mediterraneo-first-class-restaurant-harbour-seaview-palma-mallorca-600x433.jpg 600w, https:\/\/www.bahiamediterraneo.com\/wp-content\/uploads\/2023\/05\/Bahia-mediterraneo-first-class-restaurant-harbour-seaview-palma-mallorca-768x554.jpg 768w, https:\/\/www.bahiamediterraneo.com\/wp-content\/uploads\/2023\/05\/Bahia-mediterraneo-first-class-restaurant-harbour-seaview-palma-mallorca-800x577.jpg 800w, https:\/\/www.bahiamediterraneo.com\/wp-content\/uploads\/2023\/05\/Bahia-mediterraneo-first-class-restaurant-harbour-seaview-palma-mallorca-1024x739.jpg 1024w, https:\/\/www.bahiamediterraneo.com\/wp-content\/uploads\/2023\/05\/Bahia-mediterraneo-first-class-restaurant-harbour-seaview-palma-mallorca.jpg 1200w\" sizes=\"(max-width: 1200px) 100vw, 1200px\" \/><\/div><\/div><\/div><div class=\"swiper-slide\"><div class=\"fusion-carousel-item-wrapper\"><div class=\"fusion-image-wrapper hover-type-none\"><img decoding=\"async\" width=\"1200\" height=\"866\" src=\"https:\/\/www.bahiamediterraneo.com\/wp-content\/uploads\/2023\/05\/Bahia-mediterraneo-Palma-first-class-restaurant-fine-dining.jpg\" class=\"attachment-full size-full\" alt=\"\" srcset=\"https:\/\/www.bahiamediterraneo.com\/wp-content\/uploads\/2023\/05\/Bahia-mediterraneo-Palma-first-class-restaurant-fine-dining-200x144.jpg 200w, https:\/\/www.bahiamediterraneo.com\/wp-content\/uploads\/2023\/05\/Bahia-mediterraneo-Palma-first-class-restaurant-fine-dining-300x217.jpg 300w, https:\/\/www.bahiamediterraneo.com\/wp-content\/uploads\/2023\/05\/Bahia-mediterraneo-Palma-first-class-restaurant-fine-dining-400x289.jpg 400w, https:\/\/www.bahiamediterraneo.com\/wp-content\/uploads\/2023\/05\/Bahia-mediterraneo-Palma-first-class-restaurant-fine-dining-600x433.jpg 600w, https:\/\/www.bahiamediterraneo.com\/wp-content\/uploads\/2023\/05\/Bahia-mediterraneo-Palma-first-class-restaurant-fine-dining-768x554.jpg 768w, https:\/\/www.bahiamediterraneo.com\/wp-content\/uploads\/2023\/05\/Bahia-mediterraneo-Palma-first-class-restaurant-fine-dining-800x577.jpg 800w, https:\/\/www.bahiamediterraneo.com\/wp-content\/uploads\/2023\/05\/Bahia-mediterraneo-Palma-first-class-restaurant-fine-dining-1024x739.jpg 1024w, https:\/\/www.bahiamediterraneo.com\/wp-content\/uploads\/2023\/05\/Bahia-mediterraneo-Palma-first-class-restaurant-fine-dining.jpg 1200w\" sizes=\"(max-width: 1200px) 100vw, 1200px\" \/><\/div><\/div><\/div><\/div><div class=\"awb-swiper-button awb-swiper-button-prev\"><i class=\"awb-icon-angle-left\" aria-hidden=\"true\"><\/i><\/div><div class=\"awb-swiper-button awb-swiper-button-next\"><i class=\"awb-icon-angle-right\" aria-hidden=\"true\"><\/i><\/div><\/div><\/div><div class=\"fusion-text fusion-text-10\" style=\"--awb-font-size:16px;--awb-line-height:24px;--awb-text-color:var(--awb-color6);--awb-margin-right:2%;--awb-margin-left:2%;--awb-text-font-family:&quot;Poppins&quot;;--awb-text-font-style:normal;--awb-text-font-weight:200;\"><p style=\"text-align: center !important;\">Das Bah\u00eda Mediterr\u00e1neo ist Teil des historischen Geb\u00e4udes Edificio Mediterr\u00e1neo und entf\u00fchrt den Gast in die 1930er Jahre. Ein Gro\u00dfteil der Inneneinrichtung ist erhalten geblieben, selbst die Kellner tragen eine der Zeit angemessene, stilvolle Uniform.<\/p>\n<\/div><div class=\"fusion-text fusion-text-11\" style=\"--awb-font-size:16px;--awb-line-height:24px;--awb-text-color:var(--awb-color6);--awb-margin-right:2%;--awb-margin-left:2%;--awb-text-font-family:&quot;Poppins&quot;;--awb-text-font-style:normal;--awb-text-font-weight:200;\"><p style=\"text-align: center !important;\">Dank seiner einzigartigen Architektur ist das Edificio Mediterr\u00e1neo das herausragende Geb\u00e4ude an Palmas Hafen. Hollywoodstars wie Ava Gardner, die legend\u00e4re Krimiautorin Agatha Christie oder der amerikanische Pr\u00e4sident Richard Nixon haben hier schon \u00fcbernachtet: Das ehemalige Gran Hotel Mediterr\u00e1neo ist eines der ber\u00fchmtesten Geb\u00e4ude Palmas.<\/p>\n<\/div><\/div><\/div><\/div><\/div><div class=\"fusion-fullwidth fullwidth-box fusion-builder-row-5 fusion-flex-container has-pattern-background has-mask-background hundred-percent-fullwidth non-hundred-percent-height-scrolling fusion-no-large-visibility\" style=\"--awb-background-position:left top;--awb-border-sizes-top:0px;--awb-border-sizes-bottom:0px;--awb-border-sizes-left:0px;--awb-border-sizes-right:0px;--awb-border-radius-top-left:0px;--awb-border-radius-top-right:0px;--awb-border-radius-bottom-right:0px;--awb-border-radius-bottom-left:0px;--awb-padding-top:0px;--awb-padding-right:0px;--awb-padding-bottom:0px;--awb-padding-left:0px;--awb-margin-top:0px;--awb-margin-bottom:0px;--awb-background-color:var(--awb-color1);--awb-flex-wrap:wrap;\" ><div class=\"fusion-builder-row fusion-row fusion-flex-align-items-stretch fusion-flex-content-wrap\" style=\"width:calc( 100% + 0px ) !important;max-width:calc( 100% + 0px ) !important;margin-left: calc(-0px \/ 2 );margin-right: calc(-0px \/ 2 );\"><div class=\"fusion-layout-column fusion_builder_column fusion-builder-column-8 fusion_builder_column_1_1 1_1 fusion-flex-column\" style=\"--awb-padding-top:10%;--awb-padding-right:10%;--awb-padding-bottom:10%;--awb-padding-left:10%;--awb-padding-top-medium:2%;--awb-padding-right-medium:2%;--awb-padding-bottom-medium:2%;--awb-padding-left-medium:2%;--awb-bg-color:var(--awb-color1);--awb-bg-color-hover:var(--awb-color1);--awb-bg-size:cover;--awb-width-large:100%;--awb-margin-top-large:0px;--awb-spacing-right-large:0px;--awb-margin-bottom-large:0px;--awb-spacing-left-large:0px;--awb-width-medium:100%;--awb-order-medium:2;--awb-spacing-right-medium:0px;--awb-spacing-left-medium:0px;--awb-width-small:100%;--awb-order-small:0;--awb-spacing-right-small:0px;--awb-spacing-left-small:0px;\" data-scroll-devices=\"small-visibility,medium-visibility,large-visibility\"><div class=\"fusion-column-wrapper fusion-column-has-shadow fusion-flex-justify-content-center fusion-content-layout-column\"><div class=\"fusion-text fusion-text-12\" style=\"--awb-font-size:36px;--awb-text-color:var(--awb-color6);--awb-text-font-family:&quot;Playfair Display&quot;;--awb-text-font-style:normal;--awb-text-font-weight:500;\"><p style=\"text-align: center !important; font-size: 24px !important; text-transform: normal !important;\">Historische Fakten<\/p>\n<\/div><div class=\"fusion-image-carousel fusion-image-carousel-auto fusion-image-carousel-4\"><div class=\"awb-carousel awb-swiper awb-swiper-carousel awb-carousel--carousel awb-swiper-dots-position-bottom\" data-layout=\"carousel\" data-autoplay=\"yes\" data-autoplayspeed=\"2500\" data-autoplaypause=\"no\" data-columns=\"1\" data-columnsmedium=\"1\" data-columnssmall=\"1\" data-itemmargin=\"13\" data-itemwidth=\"180\" data-touchscroll=\"no\" data-freemode=\"no\" data-imagesize=\"auto\" data-scrollitems=\"0\" data-centeredslides=\"no\" data-rotationangle=\"50\" data-depth=\"100\" data-speed=\"500\" data-shadow=\"no\" data-pagination=\"bullets\" style=\"--awb-columns:1;--awb-caption-title-font-family:&quot;Playfair Display&quot;;--awb-caption-title-font-style:normal;--awb-caption-title-font-weight:400;--awb-caption-text-font-family:&quot;Playfair Display&quot;;--awb-caption-text-font-style:normal;--awb-caption-text-font-weight:400;\"><div class=\"swiper-wrapper awb-image-carousel-wrapper fusion-flex-align-items-center\"><div class=\"swiper-slide\"><div class=\"fusion-carousel-item-wrapper\"><div class=\"fusion-image-wrapper hover-type-none\"><img decoding=\"async\" width=\"754\" height=\"544\" src=\"https:\/\/www.bahiamediterraneo.com\/wp-content\/uploads\/2023\/05\/Gran-Hotel-Mediterraneo-Palma-de-Mallorca-greeting-card.jpg\" class=\"attachment-full size-full\" alt=\"\" srcset=\"https:\/\/www.bahiamediterraneo.com\/wp-content\/uploads\/2023\/05\/Gran-Hotel-Mediterraneo-Palma-de-Mallorca-greeting-card-200x144.jpg 200w, https:\/\/www.bahiamediterraneo.com\/wp-content\/uploads\/2023\/05\/Gran-Hotel-Mediterraneo-Palma-de-Mallorca-greeting-card-300x216.jpg 300w, https:\/\/www.bahiamediterraneo.com\/wp-content\/uploads\/2023\/05\/Gran-Hotel-Mediterraneo-Palma-de-Mallorca-greeting-card-400x289.jpg 400w, https:\/\/www.bahiamediterraneo.com\/wp-content\/uploads\/2023\/05\/Gran-Hotel-Mediterraneo-Palma-de-Mallorca-greeting-card-600x433.jpg 600w, https:\/\/www.bahiamediterraneo.com\/wp-content\/uploads\/2023\/05\/Gran-Hotel-Mediterraneo-Palma-de-Mallorca-greeting-card.jpg 754w\" sizes=\"(max-width: 754px) 100vw, 754px\" \/><\/div><\/div><\/div><div class=\"swiper-slide\"><div class=\"fusion-carousel-item-wrapper\"><div class=\"fusion-image-wrapper hover-type-none\"><img decoding=\"async\" width=\"754\" height=\"544\" src=\"https:\/\/www.bahiamediterraneo.com\/wp-content\/uploads\/2023\/05\/Grand-Hotel-Mediterraneo-Palma-de-Mallorca-1930s.jpg\" class=\"attachment-full size-full\" alt=\"\" srcset=\"https:\/\/www.bahiamediterraneo.com\/wp-content\/uploads\/2023\/05\/Grand-Hotel-Mediterraneo-Palma-de-Mallorca-1930s-200x144.jpg 200w, https:\/\/www.bahiamediterraneo.com\/wp-content\/uploads\/2023\/05\/Grand-Hotel-Mediterraneo-Palma-de-Mallorca-1930s-300x216.jpg 300w, https:\/\/www.bahiamediterraneo.com\/wp-content\/uploads\/2023\/05\/Grand-Hotel-Mediterraneo-Palma-de-Mallorca-1930s-400x289.jpg 400w, https:\/\/www.bahiamediterraneo.com\/wp-content\/uploads\/2023\/05\/Grand-Hotel-Mediterraneo-Palma-de-Mallorca-1930s-600x433.jpg 600w, https:\/\/www.bahiamediterraneo.com\/wp-content\/uploads\/2023\/05\/Grand-Hotel-Mediterraneo-Palma-de-Mallorca-1930s.jpg 754w\" sizes=\"(max-width: 754px) 100vw, 754px\" \/><\/div><\/div><\/div><\/div><div class=\"awb-swiper-button awb-swiper-button-prev\"><i class=\"awb-icon-angle-left\" aria-hidden=\"true\"><\/i><\/div><div class=\"awb-swiper-button awb-swiper-button-next\"><i class=\"awb-icon-angle-right\" aria-hidden=\"true\"><\/i><\/div><\/div><\/div><div class=\"fusion-text fusion-text-13\" style=\"--awb-font-size:16px;--awb-line-height:30px;--awb-text-color:var(--awb-color6);--awb-margin-right:2%;--awb-margin-left:2%;--awb-text-font-family:&quot;Poppins&quot;;--awb-text-font-style:normal;--awb-text-font-weight:200;\"><p style=\"text-align: center !important;\">Im Jahr seiner Er\u00f6ffnung 1910 lag das Hotel direkt am Meer, nur durch wenige Felsen vom Stadtstrand, dem s&#8217;Aigua Dol\u00e7e, getrennt. Sein heutiges Antlitz erhielt das Geb\u00e4ude vom mallorquinischen Architekten Francisco Roca Sim\u00f3, unter dessen Leitung das Gran Hotel Mediterr\u00e1neo 1928 umgebaut wurde. Der Architekt integrierte Art-d\u00e9co-Elemente in die Architektur des Grand Hotel Mediterr\u00e1neo.<\/p>\n<\/div><div class=\"fusion-text fusion-text-14\" style=\"--awb-font-size:16px;--awb-line-height:30px;--awb-text-color:var(--awb-color6);--awb-margin-right:2%;--awb-margin-left:2%;--awb-text-font-family:&quot;Poppins&quot;;--awb-text-font-style:normal;--awb-text-font-weight:200;\"><p style=\"text-align: center !important;\">Mit dem Restaurant Mediterr\u00e1neo 1930 und dem benachbarten Tito&#8217;s war es das Zentrum des Nachtlebens der Mittelmeermetropole. Seit 2017 geh\u00f6rt das Bah\u00eda Mediterr\u00e1neo zum Portfolio der Zhero-Gruppe unter der Leitung des Innenarchitekten und Hoteliers Jens Liebhauser.<\/p>\n<\/div><\/div><\/div><\/div><\/div><div class=\"fusion-fullwidth fullwidth-box fusion-builder-row-6 fusion-flex-container has-pattern-background has-mask-background hundred-percent-fullwidth non-hundred-percent-height-scrolling fusion-no-large-visibility\" style=\"--awb-background-position:left top;--awb-border-sizes-top:0px;--awb-border-sizes-bottom:0px;--awb-border-sizes-left:0px;--awb-border-sizes-right:0px;--awb-border-radius-top-left:0px;--awb-border-radius-top-right:0px;--awb-border-radius-bottom-right:0px;--awb-border-radius-bottom-left:0px;--awb-padding-top:0px;--awb-padding-right:0px;--awb-padding-bottom:0px;--awb-padding-left:0px;--awb-margin-top:0px;--awb-margin-bottom:50px;--awb-background-color:var(--awb-color1);--awb-flex-wrap:wrap;\" ><div class=\"fusion-builder-row fusion-row fusion-flex-align-items-stretch fusion-flex-justify-content-center fusion-flex-content-wrap\" style=\"width:calc( 100% + 0px ) !important;max-width:calc( 100% + 0px ) !important;margin-left: calc(-0px \/ 2 );margin-right: calc(-0px \/ 2 );\"><div class=\"fusion-layout-column fusion_builder_column fusion-builder-column-9 fusion_builder_column_1_1 1_1 fusion-flex-column\" style=\"--awb-padding-right:30px;--awb-padding-left:50px;--awb-bg-color:var(--awb-color1);--awb-bg-color-hover:var(--awb-color1);--awb-bg-size:cover;--awb-width-large:100%;--awb-margin-top-large:0px;--awb-spacing-right-large:0px;--awb-margin-bottom-large:0px;--awb-spacing-left-large:0px;--awb-width-medium:80%;--awb-order-medium:1;--awb-spacing-right-medium:0px;--awb-spacing-left-medium:0px;--awb-width-small:100%;--awb-order-small:0;--awb-spacing-right-small:0px;--awb-spacing-left-small:0px;\" data-scroll-devices=\"small-visibility,medium-visibility,large-visibility\"><div class=\"fusion-column-wrapper fusion-column-has-shadow fusion-flex-justify-content-center fusion-content-layout-column\"><div class=\"fusion-text fusion-text-15\" style=\"--awb-font-size:36px;--awb-text-color:var(--awb-color6);--awb-text-font-family:&quot;Playfair Display&quot;;--awb-text-font-style:normal;--awb-text-font-weight:500;\"><p style=\"text-align: center !important; font-size: 24px !important; text-transform: normal !important;\">K\u00fcchenchef Raphael<\/p>\n<\/div><div class=\"fusion-image-element \" style=\"text-align:center;--awb-max-width:800px;--awb-caption-title-font-family:var(--h2_typography-font-family);--awb-caption-title-font-weight:var(--h2_typography-font-weight);--awb-caption-title-font-style:var(--h2_typography-font-style);--awb-caption-title-size:var(--h2_typography-font-size);--awb-caption-title-transform:var(--h2_typography-text-transform);--awb-caption-title-line-height:var(--h2_typography-line-height);--awb-caption-title-letter-spacing:var(--h2_typography-letter-spacing);\"><span class=\" fusion-imageframe imageframe-none imageframe-2 hover-type-none\"><img decoding=\"async\" width=\"1200\" height=\"1322\" title=\"bahia-mediterraneo-raphael-herzog-chef-de-cuisine\" src=\"https:\/\/www.bahiamediterraneo.com\/wp-content\/uploads\/2022\/05\/bahia-mediterraneo-raphael-herzog-chef-de-cuisine.jpg\" alt class=\"img-responsive wp-image-4249\" srcset=\"https:\/\/www.bahiamediterraneo.com\/wp-content\/uploads\/2022\/05\/bahia-mediterraneo-raphael-herzog-chef-de-cuisine-200x220.jpg 200w, https:\/\/www.bahiamediterraneo.com\/wp-content\/uploads\/2022\/05\/bahia-mediterraneo-raphael-herzog-chef-de-cuisine-400x441.jpg 400w, https:\/\/www.bahiamediterraneo.com\/wp-content\/uploads\/2022\/05\/bahia-mediterraneo-raphael-herzog-chef-de-cuisine-600x661.jpg 600w, https:\/\/www.bahiamediterraneo.com\/wp-content\/uploads\/2022\/05\/bahia-mediterraneo-raphael-herzog-chef-de-cuisine-800x881.jpg 800w, https:\/\/www.bahiamediterraneo.com\/wp-content\/uploads\/2022\/05\/bahia-mediterraneo-raphael-herzog-chef-de-cuisine.jpg 1200w\" sizes=\"(max-width: 1170px) 100vw, (max-width: 800px) 100vw, 1200px\" \/><\/span><\/div><div class=\"fusion-separator fusion-full-width-sep\" style=\"align-self: center;margin-left: auto;margin-right: auto;margin-top:15px;width:100%;\"><\/div><div class=\"fusion-text fusion-text-16\" style=\"--awb-font-size:16px;--awb-line-height:24px;--awb-text-color:var(--awb-color6);--awb-margin-right:2%;--awb-margin-left:2%;--awb-text-font-family:&quot;Poppins&quot;;--awb-text-font-style:normal;--awb-text-font-weight:200;\"><p style=\"text-align: center !important;\">Der talentierte Raphael Herzog startete seine Karriere in der Welt der Sternegastronomie in Salzburg, Wien und M\u00fcnchen. Unter der Obhut von Sternekoch Klaus Brunmayr, kulinarischer Gesamtleiter der Zhero Group, wurde sein Talent f\u00fcr eine Spitzenposition geformt. In den mallorquinischen und \u00f6sterreichischen Restaurants von Jens Liebhauser arbeitete Raphael Herzog als Sous Chef. Seit drei Jahren ist Herzog das Herzst\u00fcck der Restaurants.<\/p>\n<\/div><div style=\"text-align:center;\"><a class=\"fusion-button button-flat button-large button-custom fusion-button-default button-2 fusion-button-default-span fusion-button-default-type fusion-has-button-gradient\" style=\"--button_accent_color:var(--awb-color1);--button_border_color:var(--awb-custom18);--button_accent_hover_color:var(--awb-color6);--button_border_hover_color:var(--awb-custom15);--button_border_width-top:1px;--button_border_width-right:1px;--button_border_width-bottom:1px;--button_border_width-left:1px;--button_gradient_top_color:var(--awb-custom16);--button_gradient_bottom_color:var(--awb-custom16);--button_gradient_top_color_hover:var(--awb-custom12);--button_gradient_bottom_color_hover:var(--awb-custom13);--button_typography-font-family:&quot;Playfair Display&quot;;--button_typography-font-style:normal;--button_typography-font-weight:400;\" target=\"_blank\" rel=\"noopener noreferrer\" href=\"https:\/\/widget.thefork.com\/de\/40b02c78-64ba-41c1-a200-1b43f6b5d069\"><span class=\"fusion-button-text awb-button__text awb-button__text--default\">Find a table<\/span><\/a><\/div>\n<\/div><\/div><\/div><\/div><div class=\"fusion-fullwidth fullwidth-box fusion-builder-row-7 fusion-flex-container has-pattern-background has-mask-background hundred-percent-fullwidth non-hundred-percent-height-scrolling fusion-no-small-visibility\" style=\"--awb-border-radius-top-left:0px;--awb-border-radius-top-right:0px;--awb-border-radius-bottom-right:0px;--awb-border-radius-bottom-left:0px;--awb-margin-top:10px;--awb-margin-bottom:10px;--awb-flex-wrap:wrap;\" ><div class=\"fusion-builder-row fusion-row fusion-flex-align-items-center fusion-flex-justify-content-center fusion-flex-content-wrap\" style=\"width:104% !important;max-width:104% !important;margin-left: calc(-4% \/ 2 );margin-right: calc(-4% \/ 2 );\"><div class=\"fusion-layout-column fusion_builder_column fusion-builder-column-10 fusion_builder_column_1_4 1_4 fusion-flex-column fusion-flex-align-self-center\" style=\"--awb-bg-size:cover;--awb-width-large:25%;--awb-margin-top-large:0px;--awb-spacing-right-large:5px;--awb-margin-bottom-large:0px;--awb-spacing-left-large:0px;--awb-width-medium:25%;--awb-order-medium:1;--awb-spacing-right-medium:5px;--awb-spacing-left-medium:0px;--awb-width-small:100%;--awb-order-small:0;--awb-spacing-right-small:1.92%;--awb-spacing-left-small:1.92%;\" data-scroll-devices=\"small-visibility,medium-visibility,large-visibility\"><div class=\"fusion-column-wrapper fusion-column-has-shadow fusion-flex-justify-content-center fusion-content-layout-column\"><div class=\"fusion-image-element \" style=\"--awb-margin-top:0px;--awb-margin-right:0px;--awb-margin-bottom:0px;--awb-margin-left:0px;--awb-caption-title-font-family:var(--h2_typography-font-family);--awb-caption-title-font-weight:var(--h2_typography-font-weight);--awb-caption-title-font-style:var(--h2_typography-font-style);--awb-caption-title-size:var(--h2_typography-font-size);--awb-caption-title-transform:var(--h2_typography-text-transform);--awb-caption-title-line-height:var(--h2_typography-line-height);--awb-caption-title-letter-spacing:var(--h2_typography-letter-spacing);\"><span class=\" fusion-imageframe imageframe-none imageframe-3 hover-type-none\"><img decoding=\"async\" width=\"1296\" height=\"963\" title=\"bahia-mediterraneo-fine-food-palma-de-mallorca-slim\" src=\"https:\/\/www.bahiamediterraneo.com\/wp-content\/uploads\/2023\/05\/bahia-mediterraneo-fine-food-palma-de-mallorca-slim.jpg\" alt class=\"img-responsive wp-image-4690\" srcset=\"https:\/\/www.bahiamediterraneo.com\/wp-content\/uploads\/2023\/05\/bahia-mediterraneo-fine-food-palma-de-mallorca-slim-200x149.jpg 200w, https:\/\/www.bahiamediterraneo.com\/wp-content\/uploads\/2023\/05\/bahia-mediterraneo-fine-food-palma-de-mallorca-slim-400x297.jpg 400w, https:\/\/www.bahiamediterraneo.com\/wp-content\/uploads\/2023\/05\/bahia-mediterraneo-fine-food-palma-de-mallorca-slim-600x446.jpg 600w, https:\/\/www.bahiamediterraneo.com\/wp-content\/uploads\/2023\/05\/bahia-mediterraneo-fine-food-palma-de-mallorca-slim-800x594.jpg 800w, https:\/\/www.bahiamediterraneo.com\/wp-content\/uploads\/2023\/05\/bahia-mediterraneo-fine-food-palma-de-mallorca-slim-1200x892.jpg 1200w, https:\/\/www.bahiamediterraneo.com\/wp-content\/uploads\/2023\/05\/bahia-mediterraneo-fine-food-palma-de-mallorca-slim.jpg 1296w\" sizes=\"(max-width: 1170px) 100vw, (max-width: 800px) 100vw, 400px\" \/><\/span><\/div><\/div><\/div><div class=\"fusion-layout-column fusion_builder_column fusion-builder-column-11 fusion_builder_column_1_2 1_2 fusion-flex-column fusion-flex-align-self-center fusion-column-inner-bg-wrapper\" style=\"--awb-inner-bg-size:cover;--awb-width-large:50%;--awb-margin-top-large:0px;--awb-spacing-right-large:5px;--awb-margin-bottom-large:0px;--awb-spacing-left-large:5px;--awb-width-medium:50%;--awb-order-medium:2;--awb-spacing-right-medium:5px;--awb-spacing-left-medium:5px;--awb-width-small:100%;--awb-order-small:0;--awb-spacing-right-small:1.92%;--awb-spacing-left-small:1.92%;\" data-scroll-devices=\"small-visibility,medium-visibility,large-visibility\"><span class=\"fusion-column-inner-bg hover-type-zoomin\"><span class=\"fusion-column-anchor\"><span class=\"fusion-column-inner-bg-image\"><\/span><\/span><\/span><div class=\"fusion-column-wrapper fusion-column-has-shadow fusion-flex-justify-content-center fusion-content-layout-column\"><div class=\"fusion-image-element \" style=\"text-align:center;--awb-margin-top:0px;--awb-margin-right:0px;--awb-margin-bottom:0px;--awb-margin-left:0px;--awb-caption-title-font-family:var(--h2_typography-font-family);--awb-caption-title-font-weight:var(--h2_typography-font-weight);--awb-caption-title-font-style:var(--h2_typography-font-style);--awb-caption-title-size:var(--h2_typography-font-size);--awb-caption-title-transform:var(--h2_typography-text-transform);--awb-caption-title-line-height:var(--h2_typography-line-height);--awb-caption-title-letter-spacing:var(--h2_typography-letter-spacing);\"><span class=\" fusion-imageframe imageframe-none imageframe-4 hover-type-none\"><img decoding=\"async\" width=\"1160\" height=\"424\" title=\"bahia-mediterraneo-palma-de-mallorca-first-class-restaurant-pescado-seafood-lobster-cut\" src=\"https:\/\/www.bahiamediterraneo.com\/wp-content\/uploads\/2023\/05\/bahia-mediterraneo-palma-de-mallorca-first-class-restaurant-pescado-seafood-lobster-cut.jpg\" alt class=\"img-responsive wp-image-4710\" srcset=\"https:\/\/www.bahiamediterraneo.com\/wp-content\/uploads\/2023\/05\/bahia-mediterraneo-palma-de-mallorca-first-class-restaurant-pescado-seafood-lobster-cut-200x73.jpg 200w, https:\/\/www.bahiamediterraneo.com\/wp-content\/uploads\/2023\/05\/bahia-mediterraneo-palma-de-mallorca-first-class-restaurant-pescado-seafood-lobster-cut-400x146.jpg 400w, https:\/\/www.bahiamediterraneo.com\/wp-content\/uploads\/2023\/05\/bahia-mediterraneo-palma-de-mallorca-first-class-restaurant-pescado-seafood-lobster-cut-600x219.jpg 600w, https:\/\/www.bahiamediterraneo.com\/wp-content\/uploads\/2023\/05\/bahia-mediterraneo-palma-de-mallorca-first-class-restaurant-pescado-seafood-lobster-cut-800x292.jpg 800w, https:\/\/www.bahiamediterraneo.com\/wp-content\/uploads\/2023\/05\/bahia-mediterraneo-palma-de-mallorca-first-class-restaurant-pescado-seafood-lobster-cut.jpg 1160w\" sizes=\"(max-width: 1170px) 100vw, (max-width: 800px) 100vw, 600px\" \/><\/span><\/div><\/div><\/div><div class=\"fusion-layout-column fusion_builder_column fusion-builder-column-12 fusion_builder_column_1_4 1_4 fusion-flex-column fusion-flex-align-self-center\" style=\"--awb-bg-size:cover;--awb-width-large:25%;--awb-margin-top-large:0px;--awb-spacing-right-large:0px;--awb-margin-bottom-large:0px;--awb-spacing-left-large:5px;--awb-width-medium:25%;--awb-order-medium:3;--awb-spacing-right-medium:0px;--awb-spacing-left-medium:5px;--awb-width-small:100%;--awb-order-small:0;--awb-spacing-right-small:1.92%;--awb-spacing-left-small:1.92%;\" data-scroll-devices=\"small-visibility,medium-visibility,large-visibility\"><div class=\"fusion-column-wrapper fusion-column-has-shadow fusion-flex-justify-content-center fusion-content-layout-column\"><div class=\"fusion-image-element \" style=\"--awb-margin-top:0px;--awb-margin-right:0px;--awb-margin-bottom:0px;--awb-margin-left:0px;--awb-caption-title-font-family:var(--h2_typography-font-family);--awb-caption-title-font-weight:var(--h2_typography-font-weight);--awb-caption-title-font-style:var(--h2_typography-font-style);--awb-caption-title-size:var(--h2_typography-font-size);--awb-caption-title-transform:var(--h2_typography-text-transform);--awb-caption-title-line-height:var(--h2_typography-line-height);--awb-caption-title-letter-spacing:var(--h2_typography-letter-spacing);\"><span class=\" fusion-imageframe imageframe-none imageframe-5 hover-type-none\"><img decoding=\"async\" width=\"1369\" height=\"1011\" title=\"bahia-mediterraneo-first-class-restaurant-fine-food-palma-de-mallorca-slim\" src=\"https:\/\/www.bahiamediterraneo.com\/wp-content\/uploads\/2023\/05\/bahia-mediterraneo-first-class-restaurant-fine-food-palma-de-mallorca-slim.jpg\" alt class=\"img-responsive wp-image-4695\" srcset=\"https:\/\/www.bahiamediterraneo.com\/wp-content\/uploads\/2023\/05\/bahia-mediterraneo-first-class-restaurant-fine-food-palma-de-mallorca-slim-200x148.jpg 200w, https:\/\/www.bahiamediterraneo.com\/wp-content\/uploads\/2023\/05\/bahia-mediterraneo-first-class-restaurant-fine-food-palma-de-mallorca-slim-400x295.jpg 400w, https:\/\/www.bahiamediterraneo.com\/wp-content\/uploads\/2023\/05\/bahia-mediterraneo-first-class-restaurant-fine-food-palma-de-mallorca-slim-600x443.jpg 600w, https:\/\/www.bahiamediterraneo.com\/wp-content\/uploads\/2023\/05\/bahia-mediterraneo-first-class-restaurant-fine-food-palma-de-mallorca-slim-800x591.jpg 800w, https:\/\/www.bahiamediterraneo.com\/wp-content\/uploads\/2023\/05\/bahia-mediterraneo-first-class-restaurant-fine-food-palma-de-mallorca-slim-1200x886.jpg 1200w, https:\/\/www.bahiamediterraneo.com\/wp-content\/uploads\/2023\/05\/bahia-mediterraneo-first-class-restaurant-fine-food-palma-de-mallorca-slim.jpg 1369w\" sizes=\"(max-width: 1170px) 100vw, (max-width: 800px) 100vw, 400px\" \/><\/span><\/div><\/div><\/div><\/div><\/div><div class=\"fusion-fullwidth fullwidth-box fusion-builder-row-8 fusion-flex-container has-pattern-background has-mask-background hundred-percent-fullwidth non-hundred-percent-height-scrolling\" style=\"--awb-border-radius-top-left:0px;--awb-border-radius-top-right:0px;--awb-border-radius-bottom-right:0px;--awb-border-radius-bottom-left:0px;--awb-padding-top:0px;--awb-padding-right:0px;--awb-padding-bottom:0px;--awb-padding-left:0px;--awb-margin-top:10px;--awb-margin-bottom:0px;--awb-flex-wrap:wrap;\" ><div class=\"fusion-builder-row fusion-row fusion-flex-align-items-center fusion-flex-justify-content-center fusion-flex-content-wrap\" style=\"width:104% !important;max-width:104% !important;margin-left: calc(-4% \/ 2 );margin-right: calc(-4% \/ 2 );\"><div class=\"fusion-layout-column fusion_builder_column fusion-builder-column-13 fusion_builder_column_1_1 1_1 fusion-flex-column fusion-flex-align-self-center fusion-column-inner-bg-wrapper\" style=\"--awb-inner-bg-size:cover;--awb-width-large:100%;--awb-margin-top-large:40px;--awb-spacing-right-large:0px;--awb-margin-bottom-large:0px;--awb-spacing-left-large:0px;--awb-width-medium:50%;--awb-order-medium:2;--awb-spacing-right-medium:0px;--awb-spacing-left-medium:0px;--awb-width-small:100%;--awb-order-small:0;--awb-spacing-right-small:1.92%;--awb-spacing-left-small:1.92%;\" data-scroll-devices=\"small-visibility,medium-visibility,large-visibility\"><span class=\"fusion-column-inner-bg hover-type-zoomin\"><span class=\"fusion-column-anchor\"><span class=\"fusion-column-inner-bg-image\"><\/span><\/span><\/span><div class=\"fusion-column-wrapper fusion-column-has-shadow fusion-flex-justify-content-center fusion-content-layout-column\"><div class=\"fusion-text fusion-text-17 fusion-no-small-visibility fusion-no-medium-visibility\" style=\"--awb-font-size:42px;--awb-text-color:var(--awb-color6);--awb-text-font-family:&quot;Playfair Display&quot;;--awb-text-font-style:normal;--awb-text-font-weight:500;\"><p style=\"text-align: center !important;\">Come And Visit<\/p>\n<\/div><div class=\"fusion-text fusion-text-18\" style=\"--awb-content-alignment:center;--awb-font-size:16px;--awb-text-color:var(--awb-color6);--awb-text-font-family:&quot;Poppins&quot;;--awb-text-font-style:normal;--awb-text-font-weight:200;\"><p style=\"text-align: center !important;\">PASEO MAR\u00cdTIMO 33<br \/>\n5TH FLOOR\/PRIVATE ELEVATOR<br \/>\nPHONE +34 971 457 653<\/p>\n<\/div><div class=\"fusion-image-element fusion-no-small-visibility fusion-no-medium-visibility\" style=\"text-align:center;--awb-margin-top:0px;--awb-margin-right:0px;--awb-margin-bottom:0px;--awb-margin-left:0px;--awb-caption-title-font-family:var(--h2_typography-font-family);--awb-caption-title-font-weight:var(--h2_typography-font-weight);--awb-caption-title-font-style:var(--h2_typography-font-style);--awb-caption-title-size:var(--h2_typography-font-size);--awb-caption-title-transform:var(--h2_typography-text-transform);--awb-caption-title-line-height:var(--h2_typography-line-height);--awb-caption-title-letter-spacing:var(--h2_typography-letter-spacing);\"><span class=\" fusion-imageframe imageframe-none imageframe-6 hover-type-none\"><a class=\"fusion-no-lightbox\" href=\"about:blank\" target=\"_blank\" aria-label=\"location-google-maps\" rel=\"noopener noreferrer\"><img decoding=\"async\" width=\"2560\" height=\"418\" src=\"https:\/\/www.bahiamediterraneo.com\/wp-content\/uploads\/2023\/05\/location-google-maps-scaled.jpg\" alt class=\"img-responsive wp-image-4768\" srcset=\"https:\/\/www.bahiamediterraneo.com\/wp-content\/uploads\/2023\/05\/location-google-maps-200x33.jpg 200w, https:\/\/www.bahiamediterraneo.com\/wp-content\/uploads\/2023\/05\/location-google-maps-400x65.jpg 400w, https:\/\/www.bahiamediterraneo.com\/wp-content\/uploads\/2023\/05\/location-google-maps-600x98.jpg 600w, https:\/\/www.bahiamediterraneo.com\/wp-content\/uploads\/2023\/05\/location-google-maps-800x131.jpg 800w, https:\/\/www.bahiamediterraneo.com\/wp-content\/uploads\/2023\/05\/location-google-maps-1200x196.jpg 1200w, https:\/\/www.bahiamediterraneo.com\/wp-content\/uploads\/2023\/05\/location-google-maps-scaled.jpg 2560w\" sizes=\"(max-width: 1170px) 100vw, (max-width: 800px) 100vw, 1200px\" \/><\/a><\/span><\/div><div class=\"fusion-image-element fusion-no-large-visibility\" style=\"text-align:center;--awb-margin-top:0px;--awb-margin-right:0px;--awb-margin-bottom:0px;--awb-margin-left:0px;--awb-caption-title-font-family:var(--h2_typography-font-family);--awb-caption-title-font-weight:var(--h2_typography-font-weight);--awb-caption-title-font-style:var(--h2_typography-font-style);--awb-caption-title-size:var(--h2_typography-font-size);--awb-caption-title-transform:var(--h2_typography-text-transform);--awb-caption-title-line-height:var(--h2_typography-line-height);--awb-caption-title-letter-spacing:var(--h2_typography-letter-spacing);\"><span class=\" fusion-imageframe imageframe-none imageframe-7 hover-type-none\"><a class=\"fusion-no-lightbox\" href=\"about:blank\" target=\"_blank\" aria-label=\"location-google-maps-slim\" rel=\"noopener noreferrer\"><img decoding=\"async\" width=\"1685\" height=\"483\" src=\"https:\/\/www.bahiamediterraneo.com\/wp-content\/uploads\/2023\/05\/location-google-maps-slim.jpg\" alt class=\"img-responsive wp-image-4765\" srcset=\"https:\/\/www.bahiamediterraneo.com\/wp-content\/uploads\/2023\/05\/location-google-maps-slim-200x57.jpg 200w, https:\/\/www.bahiamediterraneo.com\/wp-content\/uploads\/2023\/05\/location-google-maps-slim-400x115.jpg 400w, https:\/\/www.bahiamediterraneo.com\/wp-content\/uploads\/2023\/05\/location-google-maps-slim-600x172.jpg 600w, https:\/\/www.bahiamediterraneo.com\/wp-content\/uploads\/2023\/05\/location-google-maps-slim-800x229.jpg 800w, https:\/\/www.bahiamediterraneo.com\/wp-content\/uploads\/2023\/05\/location-google-maps-slim-1200x344.jpg 1200w, https:\/\/www.bahiamediterraneo.com\/wp-content\/uploads\/2023\/05\/location-google-maps-slim.jpg 1685w\" sizes=\"(max-width: 1170px) 100vw, (max-width: 800px) 100vw, 1200px\" \/><\/a><\/span><\/div><\/div><\/div><\/div><\/div><\/p>\n","protected":false},"excerpt":{"rendered":"","protected":false},"author":1,"featured_media":0,"parent":0,"menu_order":0,"comment_status":"closed","ping_status":"closed","template":"100-width.php","meta":{"footnotes":""},"class_list":["post-4785","page","type-page","status-publish","hentry"],"yoast_head":"<!-- This site is optimized with the Yoast SEO plugin v27.1.1 - https:\/\/yoast.com\/product\/yoast-seo-wordpress\/ -->\n<title>Bahia Mediterr\u00e1neo \u2022 Geschichte \u2022 Palma de Mallorca \u2022<\/title>\n<meta name=\"description\" content=\"Das erstklassige Restaurant BAHIA MEDITERR\u00c1NEO in PALMA DE MALLORCA mit Blick \u00fcber Palmas Yachthafen hat eine bewegte Geschichte. Erfahren Sie mehr \u00fcber die illustren Gesellschaften im Art Deco Restaurant\" \/>\n<meta name=\"robots\" content=\"index, follow, max-snippet:-1, max-image-preview:large, max-video-preview:-1\" \/>\n<link rel=\"canonical\" href=\"https:\/\/www.bahiamediterraneo.com\/de\/history-top-restaurant-art-deco-eventlocation-palma-de-mallorca\/\" \/>\n<meta property=\"og:locale\" content=\"de_DE\" \/>\n<meta property=\"og:type\" content=\"article\" \/>\n<meta property=\"og:title\" content=\"Bahia Mediterr\u00e1neo \u2022 Geschichte \u2022 Palma de Mallorca \u2022\" \/>\n<meta property=\"og:description\" content=\"Das erstklassige Restaurant BAHIA MEDITERR\u00c1NEO in PALMA DE MALLORCA mit Blick \u00fcber Palmas Yachthafen hat eine bewegte Geschichte. Erfahren Sie mehr \u00fcber die illustren Gesellschaften im Art Deco Restaurant\" \/>\n<meta property=\"og:url\" content=\"https:\/\/www.bahiamediterraneo.com\/de\/history-top-restaurant-art-deco-eventlocation-palma-de-mallorca\/\" \/>\n<meta property=\"og:site_name\" content=\"Bah\u00eda Mediterr\u00e1neo - Restaurant - Bar - Club\" \/>\n<meta property=\"article:modified_time\" content=\"2025-02-27T09:03:04+00:00\" \/>\n<meta name=\"twitter:card\" content=\"summary_large_image\" \/>\n<meta name=\"twitter:label1\" content=\"Gesch\u00e4tzte Lesezeit\" \/>\n\t<meta name=\"twitter:data1\" content=\"6\u00a0Minuten\" \/>\n<script type=\"application\/ld+json\" class=\"yoast-schema-graph\">{\"@context\":\"https:\/\/schema.org\",\"@graph\":[{\"@type\":\"WebPage\",\"@id\":\"https:\/\/www.bahiamediterraneo.com\/de\/history-top-restaurant-art-deco-eventlocation-palma-de-mallorca\/\",\"url\":\"https:\/\/www.bahiamediterraneo.com\/de\/history-top-restaurant-art-deco-eventlocation-palma-de-mallorca\/\",\"name\":\"Bahia Mediterr\u00e1neo \u2022 Geschichte \u2022 Palma de Mallorca \u2022\",\"isPartOf\":{\"@id\":\"https:\/\/www.bahiamediterraneo.com\/de\/#website\"},\"datePublished\":\"2023-05-22T07:19:26+00:00\",\"dateModified\":\"2025-02-27T09:03:04+00:00\",\"description\":\"Das erstklassige Restaurant BAHIA MEDITERR\u00c1NEO in PALMA DE MALLORCA mit Blick \u00fcber Palmas Yachthafen hat eine bewegte Geschichte. Erfahren Sie mehr \u00fcber die illustren Gesellschaften im Art Deco Restaurant\",\"breadcrumb\":{\"@id\":\"https:\/\/www.bahiamediterraneo.com\/de\/history-top-restaurant-art-deco-eventlocation-palma-de-mallorca\/#breadcrumb\"},\"inLanguage\":\"de\",\"potentialAction\":[{\"@type\":\"ReadAction\",\"target\":[\"https:\/\/www.bahiamediterraneo.com\/de\/history-top-restaurant-art-deco-eventlocation-palma-de-mallorca\/\"]}]},{\"@type\":\"BreadcrumbList\",\"@id\":\"https:\/\/www.bahiamediterraneo.com\/de\/history-top-restaurant-art-deco-eventlocation-palma-de-mallorca\/#breadcrumb\",\"itemListElement\":[{\"@type\":\"ListItem\",\"position\":1,\"name\":\"Startseite\",\"item\":\"https:\/\/www.bahiamediterraneo.com\/de\/\"},{\"@type\":\"ListItem\",\"position\":2,\"name\":\"\u00dcber uns\"}]},{\"@type\":\"WebSite\",\"@id\":\"https:\/\/www.bahiamediterraneo.com\/de\/#website\",\"url\":\"https:\/\/www.bahiamediterraneo.com\/de\/\",\"name\":\"Bah\u00eda Mediterr\u00e1neo - Restaurant - Bar - Club\",\"description\":\"The Place to Be in Palma\",\"publisher\":{\"@id\":\"https:\/\/www.bahiamediterraneo.com\/de\/#organization\"},\"potentialAction\":[{\"@type\":\"SearchAction\",\"target\":{\"@type\":\"EntryPoint\",\"urlTemplate\":\"https:\/\/www.bahiamediterraneo.com\/de\/?s={search_term_string}\"},\"query-input\":{\"@type\":\"PropertyValueSpecification\",\"valueRequired\":true,\"valueName\":\"search_term_string\"}}],\"inLanguage\":\"de\"},{\"@type\":\"Organization\",\"@id\":\"https:\/\/www.bahiamediterraneo.com\/de\/#organization\",\"name\":\"Bah\u00eda Mediterr\u00e1neo \u2022 Restaurant \u2022 Bar \u2022 Club\",\"url\":\"https:\/\/www.bahiamediterraneo.com\/de\/\",\"logo\":{\"@type\":\"ImageObject\",\"inLanguage\":\"de\",\"@id\":\"https:\/\/www.bahiamediterraneo.com\/de\/#\/schema\/logo\/image\/\",\"url\":\"https:\/\/www.bahiamediterraneo.com\/wp-content\/uploads\/2017\/05\/bahia-mediterraneo-logo-gold-trans-400.png\",\"contentUrl\":\"https:\/\/www.bahiamediterraneo.com\/wp-content\/uploads\/2017\/05\/bahia-mediterraneo-logo-gold-trans-400.png\",\"width\":400,\"height\":263,\"caption\":\"Bah\u00eda Mediterr\u00e1neo \u2022 Restaurant \u2022 Bar \u2022 Club\"},\"image\":{\"@id\":\"https:\/\/www.bahiamediterraneo.com\/de\/#\/schema\/logo\/image\/\"}}]}<\/script>\n<!-- \/ Yoast SEO plugin. -->","yoast_head_json":{"title":"Bahia Mediterr\u00e1neo \u2022 Geschichte \u2022 Palma de Mallorca \u2022","description":"Das erstklassige Restaurant BAHIA MEDITERR\u00c1NEO in PALMA DE MALLORCA mit Blick \u00fcber Palmas Yachthafen hat eine bewegte Geschichte. Erfahren Sie mehr \u00fcber die illustren Gesellschaften im Art Deco Restaurant","robots":{"index":"index","follow":"follow","max-snippet":"max-snippet:-1","max-image-preview":"max-image-preview:large","max-video-preview":"max-video-preview:-1"},"canonical":"https:\/\/www.bahiamediterraneo.com\/de\/history-top-restaurant-art-deco-eventlocation-palma-de-mallorca\/","og_locale":"de_DE","og_type":"article","og_title":"Bahia Mediterr\u00e1neo \u2022 Geschichte \u2022 Palma de Mallorca \u2022","og_description":"Das erstklassige Restaurant BAHIA MEDITERR\u00c1NEO in PALMA DE MALLORCA mit Blick \u00fcber Palmas Yachthafen hat eine bewegte Geschichte. Erfahren Sie mehr \u00fcber die illustren Gesellschaften im Art Deco Restaurant","og_url":"https:\/\/www.bahiamediterraneo.com\/de\/history-top-restaurant-art-deco-eventlocation-palma-de-mallorca\/","og_site_name":"Bah\u00eda Mediterr\u00e1neo - Restaurant - Bar - Club","article_modified_time":"2025-02-27T09:03:04+00:00","twitter_card":"summary_large_image","twitter_misc":{"Gesch\u00e4tzte Lesezeit":"6\u00a0Minuten"},"schema":{"@context":"https:\/\/schema.org","@graph":[{"@type":"WebPage","@id":"https:\/\/www.bahiamediterraneo.com\/de\/history-top-restaurant-art-deco-eventlocation-palma-de-mallorca\/","url":"https:\/\/www.bahiamediterraneo.com\/de\/history-top-restaurant-art-deco-eventlocation-palma-de-mallorca\/","name":"Bahia Mediterr\u00e1neo \u2022 Geschichte \u2022 Palma de Mallorca \u2022","isPartOf":{"@id":"https:\/\/www.bahiamediterraneo.com\/de\/#website"},"datePublished":"2023-05-22T07:19:26+00:00","dateModified":"2025-02-27T09:03:04+00:00","description":"Das erstklassige Restaurant BAHIA MEDITERR\u00c1NEO in PALMA DE MALLORCA mit Blick \u00fcber Palmas Yachthafen hat eine bewegte Geschichte. Erfahren Sie mehr \u00fcber die illustren Gesellschaften im Art Deco Restaurant","breadcrumb":{"@id":"https:\/\/www.bahiamediterraneo.com\/de\/history-top-restaurant-art-deco-eventlocation-palma-de-mallorca\/#breadcrumb"},"inLanguage":"de","potentialAction":[{"@type":"ReadAction","target":["https:\/\/www.bahiamediterraneo.com\/de\/history-top-restaurant-art-deco-eventlocation-palma-de-mallorca\/"]}]},{"@type":"BreadcrumbList","@id":"https:\/\/www.bahiamediterraneo.com\/de\/history-top-restaurant-art-deco-eventlocation-palma-de-mallorca\/#breadcrumb","itemListElement":[{"@type":"ListItem","position":1,"name":"Startseite","item":"https:\/\/www.bahiamediterraneo.com\/de\/"},{"@type":"ListItem","position":2,"name":"\u00dcber uns"}]},{"@type":"WebSite","@id":"https:\/\/www.bahiamediterraneo.com\/de\/#website","url":"https:\/\/www.bahiamediterraneo.com\/de\/","name":"Bah\u00eda Mediterr\u00e1neo - Restaurant - Bar - Club","description":"The Place to Be in Palma","publisher":{"@id":"https:\/\/www.bahiamediterraneo.com\/de\/#organization"},"potentialAction":[{"@type":"SearchAction","target":{"@type":"EntryPoint","urlTemplate":"https:\/\/www.bahiamediterraneo.com\/de\/?s={search_term_string}"},"query-input":{"@type":"PropertyValueSpecification","valueRequired":true,"valueName":"search_term_string"}}],"inLanguage":"de"},{"@type":"Organization","@id":"https:\/\/www.bahiamediterraneo.com\/de\/#organization","name":"Bah\u00eda Mediterr\u00e1neo \u2022 Restaurant \u2022 Bar \u2022 Club","url":"https:\/\/www.bahiamediterraneo.com\/de\/","logo":{"@type":"ImageObject","inLanguage":"de","@id":"https:\/\/www.bahiamediterraneo.com\/de\/#\/schema\/logo\/image\/","url":"https:\/\/www.bahiamediterraneo.com\/wp-content\/uploads\/2017\/05\/bahia-mediterraneo-logo-gold-trans-400.png","contentUrl":"https:\/\/www.bahiamediterraneo.com\/wp-content\/uploads\/2017\/05\/bahia-mediterraneo-logo-gold-trans-400.png","width":400,"height":263,"caption":"Bah\u00eda Mediterr\u00e1neo \u2022 Restaurant \u2022 Bar \u2022 Club"},"image":{"@id":"https:\/\/www.bahiamediterraneo.com\/de\/#\/schema\/logo\/image\/"}}]}},"_links":{"self":[{"href":"https:\/\/www.bahiamediterraneo.com\/de\/wp-json\/wp\/v2\/pages\/4785","targetHints":{"allow":["GET"]}}],"collection":[{"href":"https:\/\/www.bahiamediterraneo.com\/de\/wp-json\/wp\/v2\/pages"}],"about":[{"href":"https:\/\/www.bahiamediterraneo.com\/de\/wp-json\/wp\/v2\/types\/page"}],"author":[{"embeddable":true,"href":"https:\/\/www.bahiamediterraneo.com\/de\/wp-json\/wp\/v2\/users\/1"}],"replies":[{"embeddable":true,"href":"https:\/\/www.bahiamediterraneo.com\/de\/wp-json\/wp\/v2\/comments?post=4785"}],"version-history":[{"count":13,"href":"https:\/\/www.bahiamediterraneo.com\/de\/wp-json\/wp\/v2\/pages\/4785\/revisions"}],"predecessor-version":[{"id":8055,"href":"https:\/\/www.bahiamediterraneo.com\/de\/wp-json\/wp\/v2\/pages\/4785\/revisions\/8055"}],"wp:attachment":[{"href":"https:\/\/www.bahiamediterraneo.com\/de\/wp-json\/wp\/v2\/media?parent=4785"}],"curies":[{"name":"wp","href":"https:\/\/api.w.org\/{rel}","templated":true}]}}